{"id":21191730,"date":"2025-01-30T06:54:37","date_gmt":"2025-01-30T06:54:37","guid":{"rendered":"https:\/\/www.bemyeyes.com\/home\/"},"modified":"2025-03-27T12:37:02","modified_gmt":"2025-03-27T12:37:02","slug":"home","status":"publish","type":"page","link":"https:\/\/www.bemyeyes.com\/sk\/home\/","title":{"rendered":"Domov"},"content":{"rendered":"<section id=\"hero\"         class=\"max-w-screen-xl px-4 2xl:px-0 mx-auto flex flex-col md:flex-row gap-8 items-stretch h-full py-12 transition-colors duration-300  \"\n        role=\"region\"\n        aria-labelledby=\"hero-heading\"\n>\n    <!-- Left Column (2\/3 width) -->\n    <div class=\"w-full md:w-full lg:w-2\/3 p-6 lg:p-20 rounded-2xl border border-primary bg-secondary flex flex-col gap-6 bg-[var(--hero-bg)]\" aria-labelledby=\"hero-heading hero-text\"\n    >\n        <!-- Text Content -->\n        <div class=\"Text flex flex-col gap-6 h-full justify-start\">\n                        <h1 id=\"hero-heading\" class=\"heading-1 text-primary-light font-medium leading-tight lg:mb-6\">\n                Pozrime sa na svet spolo\u010dne            <\/h1>\n                                    <div id=\"hero-text\" class=\"text-body text-base lg:text-xl leading-relaxed lg:mb-6 max-w-[90%]\">\n                 <p>Be My Eyes sp\u00e1ja nevidiacich alebo slabozrak\u00fdch pou\u017e\u00edvate\u013eov, ktor\u00ed chc\u00fa pom\u00f4c\u0165, s dobrovo\u013en\u00edkmi a spolo\u010dnos\u0165ami na celom svete prostredn\u00edctvom \u017eiv\u00e9ho videa a umelej inteligencie.<\/p>\n            <\/div>\n                        <div class=\"flex\">\n                            <a class=\"btn btn-primary\" href=\"https:\/\/www.bemyeyes.com\/download-app\/\" target=\"_self\" role=\"button\" aria-label=\"Stiahnite si aplik\u00e1ciu a za\u010dnite s popisom dobrovo\u013en\u00edka a umelej inteligencie\">Stiahnite si aplik\u00e1ciu<\/a>\n                            <\/div>\n        <\/div>\n    <\/div>\n\n    <!-- Right Column (1\/3 width) -->\n    <div class=\"w-full md:w-full lg:w-1\/3 rounded-2xl flex bg-center bg-contain items-center justify-center shadow-md bg-accent min-h-[400px] md:h-100vh desktop-hero-bg lazyload\" role=\"img\" aria-labelledby=\"right-column-title\" aria-describedby=\"right-column-description\" style=\"background:inherit; background-size: cover; background-position: top center;\"\n     data-bg=\"url(&#039;https:\/\/www.bemyeyes.com\/wp-content\/uploads\/2025\/03\/shutterstock_1584439942-scaled-e1748870848195.jpg&#039;)\">\n        <!-- Mobile Image (visible only on mobile) -->\n        <img decoding=\"async\" \n            data-src=\"https:\/\/www.bemyeyes.com\/wp-content\/uploads\/2025\/03\/shutterstock_1584439942-scaled-e1748870848195.jpg\"\n            alt=\"Hero image\"\n            class=\"mobile-hero-img w-full h-full object-cover rounded-2xl lazyload\"\n src=\"data:image\/svg+xml;base64,PHN2ZyB3aWR0aD0iMSIgaGVpZ2h0PSIxIiB4bWxucz0iaHR0cDovL3d3dy53My5vcmcvMjAwMC9zdmciPjwvc3ZnPg==\" style=\"--smush-placeholder-width: 800px; --smush-placeholder-aspect-ratio: 800\/655;\" \/>\n        \n        <!-- Accessible Text Descriptions -->\n                <div id=\"right-column-title\" class=\"sr-only\"> Obr\u00e1zok pou\u017e\u00edvate\u013ea slu\u017eby Be My Eyes<\/div>\n                        <div id=\"right-column-description\" class=\"sr-only\">\n            <p>Osoba s dlh\u00fdmi blond vlasmi v modrej bunde a \u0161atke dr\u017e\u00ed smartf\u00f3n a pozer\u00e1 sa na\u0148 v tmavom prostred\u00ed. Vytvoren\u00e9 pomocou Be My AI\u2122. <\/p>\n        <\/div>\n            <\/div>\n<\/section>\n<section  id=\"audience-type\"         aria-labelledby=\"audience-type-heading\"\n        class=\"mx-auto px-4 py-12 flex w-full flex-col items-center transition-colors duration-300 \"\n>\n    <div class=\"flex flex-col items-start gap-8 w-full max-w-screen-xl\">\n        <!-- Section Header -->\n        <header class=\"flex flex-col w-full items-start\">\n                        <p id=\"audience-type-subheading\" class=\"text-sm w-full font-normal text-tertiary text-[var(--text-eyebrow)]\">Pre koho je aplik\u00e1cia ur\u010den\u00e1<\/p>\n                                    <h2 id=\"audience-type-heading\" class=\"text-3xl w-full lg:text-4xl font-medium leading-tight text-primary\">\n                Zmeny tam, kde s\u00fa potrebn\u00e9            <\/h2>\n                    <\/header>\n\n        <!-- Cards -->\n            <\/div>\n<\/section>\n\n\n<section id=\"Benefits\"         aria-labelledby=\"benefits-title\"\n        class=\"Benefits px-4 py-4 2xl:pt-16 2xl:pb-20 flex flex-col justify-start items-center \"\n>\n    <div class=\"Benefits flex flex-col justify-start items-start max-w-screen-xl w-full\">\n        <header class=\"flex flex-col items-start mb-12\">\n                        <p id=\"benefits-title\" class=\"Benefits opacity-95 text-[var(--text-eyebrow)] text-sm font-normal font-inter leading-relaxed\">\n                V\u00fdhody            <\/p>\n                                    <h2 id=\"audience-type-heading\" class=\"lg:text-4xl text-3xl font-medium leading-tight text-primary\">\n                Skuto\u010dn\u00ed \u013eudia. Skuto\u010dn\u00e1 podpora. Skuto\u010dn\u00fd vplyv.              <\/h2>\n                    <\/header>\n        <div class=\"Container w-full flex flex-col justify-start items-start gap-12\">\n            <div class=\"Container flex flex-col justify-center items-center\">\n                                <div class=\"Frame248 flex flex-col justify-start items-start gap-10 w-full\">\n                                        <!-- Row 1 -->\n                                        <div class=\"Frame247 flex flex-col md:flex-row justify-start items-start md:items-center gap-8 w-full\">\n                                                <!-- Feature 1 -->\n                        <div class=\"Container flex flex-col justify-center items-start gap-4 w-full md:w-1\/3\">\n                                                        <div class=\"Calls p-2.5 bg-[var(--icon-bg)] rounded-lg flex justify-center items-center\" >\n                                <img decoding=\"async\" class=\"RingVolume w-7 h-7 lazyload\" data-src=\"https:\/\/www.bemyeyes.com\/wp-content\/uploads\/2025\/03\/6.svg\" alt=\"phone icon\" src=\"data:image\/svg+xml;base64,PHN2ZyB3aWR0aD0iMSIgaGVpZ2h0PSIxIiB4bWxucz0iaHR0cDovL3d3dy53My5vcmcvMjAwMC9zdmciPjwvc3ZnPg==\" \/>\n                            <\/div>\n                                                        <div class=\"Frame240 flex flex-col justify-start items-start gap-3\">\n                                                                <div class=\"text-[var(--primary-color)] text-lg font-medium font-inter leading-7\">\n                                   Bezplatn\u00e9 a neobmedzen\u00e9 hovory                                <\/div>\n                                                                                                <div class=\"text-[var(--text-color)] text-base font-normal font-inter leading-relaxed\">\n                                    Volajte tak \u010dasto, ako potrebujete, bez ob\u00e1v o n\u00e1klady.                                <\/div>\n                                                            <\/div>\n                        <\/div>\n                                                <!-- Feature 1 -->\n                        <div class=\"Container flex flex-col justify-center items-start gap-4 w-full md:w-1\/3\">\n                                                        <div class=\"Calls p-2.5 bg-[var(--icon-bg)] rounded-lg flex justify-center items-center\" >\n                                <img decoding=\"async\" class=\"RingVolume w-7 h-7 lazyload\" data-src=\"https:\/\/www.bemyeyes.com\/wp-content\/uploads\/2025\/03\/7.svg\" alt=\"time icon\" src=\"data:image\/svg+xml;base64,PHN2ZyB3aWR0aD0iMSIgaGVpZ2h0PSIxIiB4bWxucz0iaHR0cDovL3d3dy53My5vcmcvMjAwMC9zdmciPjwvc3ZnPg==\" \/>\n                            <\/div>\n                                                        <div class=\"Frame240 flex flex-col justify-start items-start gap-3\">\n                                                                <div class=\"text-[var(--primary-color)] text-lg font-medium font-inter leading-7\">\n                                   K dispoz\u00edcii vo dne aj v noci                                <\/div>\n                                                                                                <div class=\"text-[var(--text-color)] text-base font-normal font-inter leading-relaxed\">\n                                    Spojte sa s na\u0161ou sie\u0165ou dobrovo\u013en\u00edkov a n\u00e1strojmi umelej inteligencie 24 hod\u00edn denne, 7 dn\u00ed v t\u00fd\u017edni.                                <\/div>\n                                                            <\/div>\n                        <\/div>\n                                                <!-- Feature 1 -->\n                        <div class=\"Container flex flex-col justify-center items-start gap-4 w-full md:w-1\/3\">\n                                                        <div class=\"Calls p-2.5 bg-[var(--icon-bg)] rounded-lg flex justify-center items-center\" >\n                                <img decoding=\"async\" class=\"RingVolume w-7 h-7 lazyload\" data-src=\"https:\/\/www.bemyeyes.com\/wp-content\/uploads\/2025\/03\/15.svg\" alt=\"icon\" src=\"data:image\/svg+xml;base64,PHN2ZyB3aWR0aD0iMSIgaGVpZ2h0PSIxIiB4bWxucz0iaHR0cDovL3d3dy53My5vcmcvMjAwMC9zdmciPjwvc3ZnPg==\" \/>\n                            <\/div>\n                                                        <div class=\"Frame240 flex flex-col justify-start items-start gap-3\">\n                                                                <div class=\"text-[var(--primary-color)] text-lg font-medium font-inter leading-7\">\n                                   100 % anonymita                                <\/div>\n                                                                                                <div class=\"text-[var(--text-color)] text-base font-normal font-inter leading-relaxed\">\n                                    Dobrovo\u013en\u00edci po\u010duj\u00fa len v\u00e1\u0161 hlas a vidia, \u010do zdie\u013eate prostredn\u00edctvom fotoapar\u00e1tu.                                <\/div>\n                                                            <\/div>\n                        <\/div>\n                                            <\/div>\n                                        <!-- Row 1 -->\n                                        <div class=\"Frame247 flex flex-col md:flex-row justify-start items-start md:items-center gap-8 w-full\">\n                                                <!-- Feature 1 -->\n                        <div class=\"Container flex flex-col justify-center items-start gap-4 w-full md:w-1\/3\">\n                                                        <div class=\"Calls p-2.5 bg-[var(--icon-bg)] rounded-lg flex justify-center items-center\" >\n                                <img decoding=\"async\" class=\"RingVolume w-7 h-7 lazyload\" data-src=\"https:\/\/www.bemyeyes.com\/wp-content\/uploads\/2025\/03\/9.svg\" alt=\"globe icon\" src=\"data:image\/svg+xml;base64,PHN2ZyB3aWR0aD0iMSIgaGVpZ2h0PSIxIiB4bWxucz0iaHR0cDovL3d3dy53My5vcmcvMjAwMC9zdmciPjwvc3ZnPg==\" \/>\n                            <\/div>\n                                                        <div class=\"Frame240 flex flex-col justify-start items-start gap-3\">\n                                                                <div class=\"text-[var(--primary-color)] text-lg font-medium font-inter leading-7\">\n                                   Celosvetov\u00e1 podpora                                <\/div>\n                                                                                                <div class=\"text-[var(--text-color)] text-base font-normal font-inter leading-relaxed\">\n                                    Sme k dispoz\u00edcii vo viac ako 150 krajin\u00e1ch.                                <\/div>\n                                                            <\/div>\n                        <\/div>\n                                                <!-- Feature 1 -->\n                        <div class=\"Container flex flex-col justify-center items-start gap-4 w-full md:w-1\/3\">\n                                                        <div class=\"Calls p-2.5 bg-[var(--icon-bg)] rounded-lg flex justify-center items-center\" >\n                                <img decoding=\"async\" class=\"RingVolume w-7 h-7 lazyload\" data-src=\"https:\/\/www.bemyeyes.com\/wp-content\/uploads\/2025\/03\/10.svg\" alt=\"communication icon\" src=\"data:image\/svg+xml;base64,PHN2ZyB3aWR0aD0iMSIgaGVpZ2h0PSIxIiB4bWxucz0iaHR0cDovL3d3dy53My5vcmcvMjAwMC9zdmciPjwvc3ZnPg==\" \/>\n                            <\/div>\n                                                        <div class=\"Frame240 flex flex-col justify-start items-start gap-3\">\n                                                                <div class=\"text-[var(--primary-color)] text-lg font-medium font-inter leading-7\">\n                                   Pomoc v re\u00e1lnom \u010dase                                <\/div>\n                                                                                                <div class=\"text-[var(--text-color)] text-base font-normal font-inter leading-relaxed\">\n                                    Z\u00edskajte okam\u017eit\u00fa podporu hne\u010f, ako ju budete potrebova\u0165.                                <\/div>\n                                                            <\/div>\n                        <\/div>\n                                                <!-- Feature 1 -->\n                        <div class=\"Container flex flex-col justify-center items-start gap-4 w-full md:w-1\/3\">\n                                                        <div class=\"Calls p-2.5 bg-[var(--icon-bg)] rounded-lg flex justify-center items-center\" >\n                                <img decoding=\"async\" class=\"RingVolume w-7 h-7 lazyload\" data-src=\"https:\/\/www.bemyeyes.com\/wp-content\/uploads\/2025\/03\/11.svg\" alt=\"person icon\" src=\"data:image\/svg+xml;base64,PHN2ZyB3aWR0aD0iMSIgaGVpZ2h0PSIxIiB4bWxucz0iaHR0cDovL3d3dy53My5vcmcvMjAwMC9zdmciPjwvc3ZnPg==\" \/>\n                            <\/div>\n                                                        <div class=\"Frame240 flex flex-col justify-start items-start gap-3\">\n                                                                <div class=\"text-[var(--primary-color)] text-lg font-medium font-inter leading-7\">\n                                   Pr\u00edstupnos\u0165 pre v\u0161etk\u00fdch                                <\/div>\n                                                                                                <div class=\"text-[var(--text-color)] text-base font-normal font-inter leading-relaxed\">\n                                    Chceme u\u013eah\u010di\u0165 ka\u017edodenn\u00e9 \u00falohy pre ka\u017ed\u00e9ho.                                <\/div>\n                                                            <\/div>\n                        <\/div>\n                                            <\/div>\n                                    <\/div>\n                            <\/div>\n        <\/div>\n    <\/div>\n<\/section>\n<!-- Fetch Live User Counts -->\n\n<section id=\"about-us-stats\" class=\"AboutUs py-8 lg:py-16 px-4 flex flex-col justify-start items-start bg-primary transition-colors duration-300\" aria-labelledby=\"about-us-heading\">\n    <div class=\"max-w-screen-xl mx-auto flex flex-col md:flex-row border border-primary py-4 px-4 md:px-12 md:py-10 rounded-xl justify-start items-start gap-16 w-full\">\n        <!-- Left Column -->\n        <div class=\"w-full md:w-1\/2 About flex flex-col gap-6\">\n            <div class=\"flex flex-col justify-between items-start h-full\">\n                                    <div class=\"text-tertiary text-sm font-normal font-inter text-[var(--text-eyebrow)] leading-relaxed\" id=\"about-us-heading\">\n                        O n\u00e1s                    <\/div>\n                                                    <h2 class=\"text-primary-light text-3xl lg:text-4xl font-medium font-inter leading-[125%] mb-12\">\n                        Ka\u017ed\u00fd de\u0148 spr\u00edstup\u0148ujeme svet v\u00e4\u010d\u0161iemu po\u010dtu \u013eud\u00ed                    <\/h2>\n                                                    <a class=\"btn btn-primary\" href=\"https:\/\/www.bemyeyes.com\/about-us\/\" target=\"_self\" role=\"button\" aria-label=\"Ak sa chcete o n\u00e1s dozvedie\u0165 viac, kliknite sem\">\n                        Viac o n\u00e1s                    <\/a>\n                            <\/div>\n        <\/div>\n\n        <!-- Right Column -->\n        <div class=\"w-full md:w-1\/2 flex flex-col gap-12\">\n            <div class=\"flex flex-col sm:flex-row gap-8\">\n                <div class=\"flex flex-col w-1\/2 gap-2 items-start break-all\">\n                    <span class=\"px-4 py-1 rounded-full border border-[var(--stat-border-red)] text-[var(--stat-text)] text-sm font-medium\" aria-label=\"Live statistic indicator\">\n                        Live\n                    <\/span>\n                    <p class=\"text-primary-light text-3xl md:text-[50px] font-medium leading-snug\" aria-label=\"Total volunteers\">\n                        10,344,770                    <\/p>\n                    <p class=\"text-body text-base font-normal\">Volunteers<\/p>\n                <\/div>\n                <div class=\"flex flex-col w-1\/2 gap-2 items-start break-all\">\n                    <span class=\"px-4 py-1 rounded-full border border-[var(--stat-border-red)] text-[var(--stat-text)] text-sm font-medium\" aria-label=\"Total blind and low-vision users\">\n                        Live\n                    <\/span>\n                    <p class=\"text-primary-light text-3xl md:text-[50px] font-medium leading-snug\" aria-label=\"Total blind and low-vision users\">\n                        1,026,910                    <\/p>\n                    <p class=\"text-body text-base font-normal\">Blind &#038; low-vision<\/p>\n                <\/div>\n            <\/div>\n            <div class=\"flex flex-col sm:flex-row gap-8\">\n                <div class=\"flex flex-col w-1\/2 gap-2 items-start\">\n                    <p class=\"text-primary-light text-3xl md:text-[50px] font-medium leading-snug\" aria-label=\"Total countries Be My Eyes serves\">\n                        150+\n                    <\/p>\n                    <p class=\"text-body text-base font-normal\">Countries<\/p>\n                <\/div>\n                <div class=\"flex flex-col w-1\/2 gap-2 items-start\">\n                    <p class=\"text-primary-light text-3xl md:text-[50px] font-medium leading-snug\" aria-label=\"Total languages supported\">\n                        180+\n                    <\/p>\n                    <p class=\"text-body text-base font-normal\">Languages<\/p>\n                <\/div>\n            <\/div>\n        <\/div>\n    <\/div>\n<\/section>\n<section id=\"community-section\"         aria-labelledby=\"community-title\"\n        class=\"px-4 py-12 md:px-4 md:py-8 lg:py-16 flex flex-col justify-start items-center bg-primary transition-colors duration-300 \"\n>\n    <div class=\"max-w-screen-xl flex flex-col justify-start items-start gap-16 w-full\">\n        <div class=\"border border-primary bg-[var(--hero-bg)] w-full rounded-3xl bg-secondary px-4 py-6 lg:px-16 lg:py-12 flex flex-col justify-start items-start\">\n            <div class=\"flex flex-col md:flex-row justify-between items-center w-full gap-12\">\n                <!-- Left Content -->\n                <div class=\"flex flex-col justify-start items-start gap-4 w-full md:w-1\/2\">\n                    <div class=\"flex flex-col\">\n                                                <div id=\"community-title\" class=\"text-[var(--text-eyebrow)] text-sm font-normal font-inter leading-relaxed\">\n                            Komunita                        <\/div>\n                                                                        <h2 class=\"text-primary-light text-3xl lg:text-4xl font-medium font-inter leading-tight\">\n                            Objavte na\u0161u komunitu                        <\/h2>\n                                            <\/div>\n                    <div class=\"flex items-start flex-col gap-6\">\n                                                <div class=\"text-body text-base lg:text-lg font-normal font-inter leading-relaxed\">\n                            <p>Na\u0161\u00edm cie\u013eom je spr\u00edstupni\u0165 svet \u013eu\u010fom, ktor\u00ed s\u00fa nevidiaci alebo slabozrak\u00ed. Nemohli by sme to urobi\u0165 bez pomoci a obetavosti na\u0161ej komunity. Pre\u010d\u00edtajte si n\u00e1\u0161 blog, vypo\u010dujte si na\u0161e podcasty alebo si pre\u010d\u00edtajte pr\u00edbehy skuto\u010dn\u00fdch pou\u017e\u00edvate\u013eov z cel\u00e9ho sveta.  <\/p>\n                        <\/div>\n                                                                        <a class=\"btn btn-primary px-6 py-3 rounded-full text-base font-semibold transition\" href=\"https:\/\/www.bemyeyes.com\/stories\/\" role=\"button\" title=\"Pripojte sa k na\u0161ej komunite kliknut\u00edm sem\" target=\"_self\" aria-label=\"Pripojte sa k na\u0161ej komunite kliknut\u00edm sem\">Presk\u00famajte komunitu<\/a>\n                                            <\/div>\n                <\/div>\n\n                <!-- Right Content -->\n                <div\n                        class=\"w-full md:w-1\/3 rounded-xl h-64 desktop-hero-bg lazyload\"\n                        role=\"img\"\n                        aria-labelledby=\"right-column-title\"\n                        aria-describedby=\"right-column-description\"\n                        style=\"background:inherit;background-size: cover;\"\n                 data-bg=\"url(&#039;https:\/\/www.bemyeyes.com\/wp-content\/uploads\/2025\/02\/community-thumbnail.png&#039;)\">\n                    <!-- Mobile Image (visible only on mobile) -->\n                    <img decoding=\"async\" \n                        data-src=\"https:\/\/www.bemyeyes.com\/wp-content\/uploads\/2025\/02\/community-thumbnail.png\"\n                        alt=\"Obr\u00e1zok pou\u017e\u00edvate\u013eky slu\u017eby Be My Eyes a jej die\u0165a\u0165a\"\n                        class=\"mobile-hero-img w-full h-full object-contain rounded-xl lazyload\"\n src=\"data:image\/svg+xml;base64,PHN2ZyB3aWR0aD0iMSIgaGVpZ2h0PSIxIiB4bWxucz0iaHR0cDovL3d3dy53My5vcmcvMjAwMC9zdmciPjwvc3ZnPg==\" style=\"--smush-placeholder-width: 812px; --smush-placeholder-aspect-ratio: 812\/650;\" \/>\n                    \n                                        <div id=\"right-column-title\" class=\"sr-only\">\n                        Obr\u00e1zok pou\u017e\u00edvate\u013eky slu\u017eby Be My Eyes a jej die\u0165a\u0165a                    <\/div>\n                                        \n                                        <div id=\"right-column-description\" class=\"sr-only\">\n                       &lt;p&gt;\u017dena so slne\u010dn\u00fdmi okuliarmi a bielou palicou sa usmieva na mlad\u00e9 diev\u010da na sk\u00fatri. Zdie\u013eaj\u00fa \u0161\u0165astn\u00fa chv\u00ed\u013eu na \u010derstvom vzduchu. Vygenerovan\u00e9 pomocou Be My AI.  &lt;\/p&gt;\n                    <\/div>\n                                        <!-- Placeholder for image or content -->\n                <\/div>\n            <\/div>\n        <\/div>\n    <\/div>\n<\/section><section id=\"whatsnew\"         aria-labelledby=\"whatsnew-title\"\n        class=\"px-4 py-4 md:py-8 lg:py-16 flex flex-col justify-start items-center bg-primary transition-colors duration-300 \">\n\n    <div class=\"WhatSNew max-w-screen-xl mx-auto flex flex-col justify-start items-start gap-4 w-full\">\n        <!-- Section Header -->\n        <div class=\"w-full text-left flex flex-col gap-2\">\n            <div class=\"w-full\">\n                                    <p id=\"whatsnew-title\" class=\"text-[var(--text-eyebrow)] text-sm font-normal font-inter\">\n                        \u010co je nov\u00e9                    <\/p>\n                                                    <h2 class=\"text-primary-light text-3xl lg:text-4xl font-medium font-inter\">\n                        Presk\u00famajte najnov\u0161ie pr\u00edbehy, aktualiz\u00e1cie a poznatky                    <\/h2>\n                <\/div>\n                                <\/div>\n\n        <!-- Blog Cards -->\n        <div class=\"flex items-stretch flex-col md:flex-row gap-8\">\n                                <div class=\"BlogCard w-full md:w-1\/3 p-6 bg-secondary rounded-3xl border border-primary gap-4 bg-[var(--hero-bg)]\">\n                        <div class=\"h-full flex flex-col justify-between items-start\">\n                            <div class=\"mb-6 w-full\">\n                                <a href=\"https:\/\/www.bemyeyes.com\/blog\/respect-trust-and-scale-a-note-to-our-community\/\" aria-label=\"Read more about Respect, Trust, and Scale: A Note to Our Community\" class=\"w-full block\">\n                                    <figure class=\"aspect-[16\/9] bg-accent rounded-lg w-full mb-6 bg-center lazyload\"\n                                            style=\"background:inherit; background-size: cover; background-repeat: no-repeat;\" data-bg=\"url(https:\/\/www.bemyeyes.com\/wp-content\/uploads\/2026\/03\/Blog-Post-Banner-Foundation.png)\">\n                                    <\/figure>\n                                <\/a>\n\n                                                                    <a href=\"https:\/\/www.bemyeyes.com\/category\/blog\/\"\n                                       class=\"text-tertiary text-sm font-normal border border-primary px-3 py-1 rounded-xl font-inter inline-flex mb-4\">\n                                        Blog                                    <\/a>\n                                \n                                <h3 class=\"text-primary-light text-xl font-medium font-inter leading-relaxed\">\n                                    <a href=\"https:\/\/www.bemyeyes.com\/blog\/respect-trust-and-scale-a-note-to-our-community\/\" class=\"hover:underline\">\n                                        Respect, Trust, and Scale: A Note to Our Community                                    <\/a>\n                                <\/h3>\n                            <\/div>\n\n                            <!-- Read More Link -->\n                                                            <a href=\"https:\/\/www.bemyeyes.com\/blog\/respect-trust-and-scale-a-note-to-our-community\/\" class=\"text-primary underline text-lg font-medium font-inter\"\n                                   aria-label=\"Click here to learn more about Respect, Trust, and Scale: A Note to Our Community\" role=\"button\">\n                                    \u010c\u00edtajte viac \u2192                                <\/a>\n                                                    <\/div>\n                    <\/div>\n                                    <div class=\"BlogCard w-full md:w-1\/3 p-6 bg-secondary rounded-3xl border border-primary gap-4 bg-[var(--hero-bg)]\">\n                        <div class=\"h-full flex flex-col justify-between items-start\">\n                            <div class=\"mb-6 w-full\">\n                                <a href=\"https:\/\/www.bemyeyes.com\/blog\/we-asked-hilton-guests-about-be-my-eyes\/\" aria-label=\"Read more about We Asked Hilton Guests About Be My Eyes. Here&#8217;s What They Said\" class=\"w-full block\">\n                                    <figure class=\"aspect-[16\/9] bg-accent rounded-lg w-full mb-6 bg-center lazyload\"\n                                            style=\"background:inherit; background-size: cover; background-repeat: no-repeat;\" data-bg=\"url(https:\/\/www.bemyeyes.com\/wp-content\/uploads\/2026\/04\/Hilton-Blog-Post-Cover-1.png)\">\n                                    <\/figure>\n                                <\/a>\n\n                                                                    <a href=\"https:\/\/www.bemyeyes.com\/category\/blog\/\"\n                                       class=\"text-tertiary text-sm font-normal border border-primary px-3 py-1 rounded-xl font-inter inline-flex mb-4\">\n                                        Blog                                    <\/a>\n                                \n                                <h3 class=\"text-primary-light text-xl font-medium font-inter leading-relaxed\">\n                                    <a href=\"https:\/\/www.bemyeyes.com\/blog\/we-asked-hilton-guests-about-be-my-eyes\/\" class=\"hover:underline\">\n                                        We Asked Hilton Guests About Be My Eyes. Here&#8217;s What They Said                                    <\/a>\n                                <\/h3>\n                            <\/div>\n\n                            <!-- Read More Link -->\n                                                            <a href=\"https:\/\/www.bemyeyes.com\/blog\/we-asked-hilton-guests-about-be-my-eyes\/\" class=\"text-primary underline text-lg font-medium font-inter\"\n                                   aria-label=\"Click here to learn more about We Asked Hilton Guests About Be My Eyes. Here&#8217;s What They Said\" role=\"button\">\n                                    \u010c\u00edtajte viac \u2192                                <\/a>\n                                                    <\/div>\n                    <\/div>\n                                    <div class=\"BlogCard w-full md:w-1\/3 p-6 bg-secondary rounded-3xl border border-primary gap-4 bg-[var(--hero-bg)]\">\n                        <div class=\"h-full flex flex-col justify-between items-start\">\n                            <div class=\"mb-6 w-full\">\n                                <a href=\"https:\/\/www.bemyeyes.com\/blog\/visual-interpretation-without-borders-why-accessible-technology-matters-more-than-ever-in-emerging-economies\/\" aria-label=\"Read more about Visual Interpretation Without Borders: Why Accessible Technology Matters More Than Ever in Emerging Economies\" class=\"w-full block\">\n                                    <figure class=\"aspect-[16\/9] bg-accent rounded-lg w-full mb-6 bg-center lazyload\"\n                                            style=\"background:inherit; background-size: cover; background-repeat: no-repeat;\" data-bg=\"url(https:\/\/www.bemyeyes.com\/wp-content\/uploads\/2026\/04\/Disability-Awareness-Blog-Cover-1.png)\">\n                                    <\/figure>\n                                <\/a>\n\n                                                                    <a href=\"https:\/\/www.bemyeyes.com\/category\/blog\/\"\n                                       class=\"text-tertiary text-sm font-normal border border-primary px-3 py-1 rounded-xl font-inter inline-flex mb-4\">\n                                        Blog                                    <\/a>\n                                \n                                <h3 class=\"text-primary-light text-xl font-medium font-inter leading-relaxed\">\n                                    <a href=\"https:\/\/www.bemyeyes.com\/blog\/visual-interpretation-without-borders-why-accessible-technology-matters-more-than-ever-in-emerging-economies\/\" class=\"hover:underline\">\n                                        Visual Interpretation Without Borders: Why Accessible Technology Matters More Than Ever in Emerging Economies                                    <\/a>\n                                <\/h3>\n                            <\/div>\n\n                            <!-- Read More Link -->\n                                                            <a href=\"https:\/\/www.bemyeyes.com\/blog\/visual-interpretation-without-borders-why-accessible-technology-matters-more-than-ever-in-emerging-economies\/\" class=\"text-primary underline text-lg font-medium font-inter\"\n                                   aria-label=\"Click here to learn more about Visual Interpretation Without Borders: Why Accessible Technology Matters More Than Ever in Emerging Economies\" role=\"button\">\n                                    \u010c\u00edtajte viac \u2192                                <\/a>\n                                                    <\/div>\n                    <\/div>\n                        <\/div>\n    <\/div>\n<\/section>\n<section id=\"contact-us-cta\"         aria-labelledby=\"contact-us-cta-title\"\n        class=\"px-4 md:px-4 \">\n    <div class=\"ContactUs w-full max-w-screen-xl rounded-3xl mx-auto px-6 md:px-20 py-10 md:py-12 border border-primary  bg-[var(--hero-bg)] flex flex-col items-center\">\n        <!-- Text Section -->\n        <div class=\"Container flex flex-col items-start lg:gap-8 justify-between text-center\">\n                        <h2 id=\"contact-us-cta-title\" class=\"text-[var(--primary-color)] text-2xl md:text-3xl lg:text-4xl font-medium font-inter !leading-[125%] mb-6\">\n                Obr\u00e1\u0165te sa na n\u00e1s s ot\u00e1zkami alebo akouko\u013evek potrebnou podporou. N\u00e1\u0161 t\u00edm je pripraven\u00fd pom\u00f4c\u0165.             <\/h2>\n                        <!-- Button -->\n                        <div class=\"w-full items-center\">\n                                <a class=\"btn btn-primary lg:mt-12\" title=\"Kliknite sem a kontaktujte n\u00e1s\" href=\"https:\/\/www.bemyeyes.com\/contact-us\/\" target=\"_self\">Kontaktujte n\u00e1s<\/a>\n            <\/div>\n                    <\/div>\n    <\/div>\n<\/section>","protected":false},"excerpt":{"rendered":"","protected":false},"author":1,"featured_media":0,"parent":0,"menu_order":0,"comment_status":"closed","ping_status":"closed","template":"","meta":{"_acf_changed":false,"content-type":"","inline_featured_image":false,"footnotes":""},"class_list":["post-21191730","page","type-page","status-publish","hentry"],"acf":[],"yoast_head":"<!-- This site is optimized with the Yoast SEO Premium plugin v26.6 (Yoast SEO v27.1.1) - https:\/\/yoast.com\/product\/yoast-seo-premium-wordpress\/ -->\n<title>Technol\u00f3gia pr\u00edstupnosti pre nevidiacich a slabozrak\u00fdch - Be My Eyes<\/title>\n<meta name=\"description\" content=\"Vysk\u00fa\u0161ajte v\u00fdhody pr\u00edstupnej technol\u00f3gie s Be My Eyes. Spojte sa s dobrovo\u013en\u00edkmi a z\u00edskajte pomoc v re\u00e1lnom \u010dase prostredn\u00edctvom videa.\" \/>\n<meta name=\"robots\" content=\"index, follow, max-snippet:-1, max-image-preview:large, max-video-preview:-1\" \/>\n<link rel=\"canonical\" href=\"https:\/\/www.bemyeyes.com\/home\/\" \/>\n<meta property=\"og:locale\" content=\"en_US\" \/>\n<meta property=\"og:type\" content=\"article\" \/>\n<meta property=\"og:title\" content=\"Domov\" \/>\n<meta property=\"og:description\" content=\"Vysk\u00fa\u0161ajte v\u00fdhody pr\u00edstupnej technol\u00f3gie s Be My Eyes. Spojte sa s dobrovo\u013en\u00edkmi a z\u00edskajte pomoc v re\u00e1lnom \u010dase prostredn\u00edctvom videa.\" \/>\n<meta property=\"og:url\" content=\"https:\/\/www.bemyeyes.com\/sk\/home\/\" \/>\n<meta property=\"og:site_name\" content=\"Be My Eyes\" \/>\n<meta property=\"article:modified_time\" content=\"2025-03-27T12:37:02+00:00\" \/>\n<meta property=\"og:image\" content=\"https:\/\/www.bemyeyes.com\/wp-content\/uploads\/2023\/09\/BeMyEyes-logo-4.jpg\" \/>\n\t<meta property=\"og:image:width\" content=\"1406\" \/>\n\t<meta property=\"og:image:height\" content=\"938\" \/>\n\t<meta property=\"og:image:type\" content=\"image\/jpeg\" \/>\n<meta name=\"twitter:card\" content=\"summary_large_image\" \/>\n<meta name=\"twitter:label1\" content=\"Est. reading time\" \/>\n\t<meta name=\"twitter:data1\" content=\"4 minutes\" \/>\n<script type=\"application\/ld+json\" class=\"yoast-schema-graph\">{\"@context\":\"https:\/\/schema.org\",\"@graph\":[{\"@type\":\"WebPage\",\"@id\":\"https:\/\/www.bemyeyes.com\/sk\/home\/\",\"url\":\"https:\/\/www.bemyeyes.com\/sk\/home\/\",\"name\":\"Technol\u00f3gia pr\u00edstupnosti pre nevidiacich a slabozrak\u00fdch - Be My Eyes\",\"isPartOf\":{\"@id\":\"https:\/\/www.bemyeyes.com\/#website\"},\"datePublished\":\"2025-01-30T06:54:37+00:00\",\"dateModified\":\"2025-03-27T12:37:02+00:00\",\"description\":\"Vysk\u00fa\u0161ajte v\u00fdhody pr\u00edstupnej technol\u00f3gie s Be My Eyes. Spojte sa s dobrovo\u013en\u00edkmi a z\u00edskajte pomoc v re\u00e1lnom \u010dase prostredn\u00edctvom videa.\",\"breadcrumb\":{\"@id\":\"https:\/\/www.bemyeyes.com\/sk\/home\/#breadcrumb\"},\"inLanguage\":\"en-US\",\"potentialAction\":[{\"@type\":\"ReadAction\",\"target\":[\"https:\/\/www.bemyeyes.com\/sk\/home\/\"]}]},{\"@type\":\"BreadcrumbList\",\"@id\":\"https:\/\/www.bemyeyes.com\/sk\/home\/#breadcrumb\",\"itemListElement\":[{\"@type\":\"ListItem\",\"position\":1,\"name\":\"Home\",\"item\":\"https:\/\/www.bemyeyes.com\/\"},{\"@type\":\"ListItem\",\"position\":2,\"name\":\"Domov\"}]},{\"@type\":\"WebSite\",\"@id\":\"https:\/\/www.bemyeyes.com\/#website\",\"url\":\"https:\/\/www.bemyeyes.com\/\",\"name\":\"Be My Eyes\",\"description\":\"Let\u2019s see the world together\",\"potentialAction\":[{\"@type\":\"SearchAction\",\"target\":{\"@type\":\"EntryPoint\",\"urlTemplate\":\"https:\/\/www.bemyeyes.com\/?s={search_term_string}\"},\"query-input\":{\"@type\":\"PropertyValueSpecification\",\"valueRequired\":true,\"valueName\":\"search_term_string\"}}],\"inLanguage\":\"en-US\"}]}<\/script>\n<!-- \/ Yoast SEO Premium plugin. -->","yoast_head_json":{"title":"Technol\u00f3gia pr\u00edstupnosti pre nevidiacich a slabozrak\u00fdch - Be My Eyes","description":"Vysk\u00fa\u0161ajte v\u00fdhody pr\u00edstupnej technol\u00f3gie s Be My Eyes. Spojte sa s dobrovo\u013en\u00edkmi a z\u00edskajte pomoc v re\u00e1lnom \u010dase prostredn\u00edctvom videa.","robots":{"index":"index","follow":"follow","max-snippet":"max-snippet:-1","max-image-preview":"max-image-preview:large","max-video-preview":"max-video-preview:-1"},"canonical":"https:\/\/www.bemyeyes.com\/home\/","og_locale":"en_US","og_type":"article","og_title":"Domov","og_description":"Vysk\u00fa\u0161ajte v\u00fdhody pr\u00edstupnej technol\u00f3gie s Be My Eyes. Spojte sa s dobrovo\u013en\u00edkmi a z\u00edskajte pomoc v re\u00e1lnom \u010dase prostredn\u00edctvom videa.","og_url":"https:\/\/www.bemyeyes.com\/sk\/home\/","og_site_name":"Be My Eyes","article_modified_time":"2025-03-27T12:37:02+00:00","og_image":[{"width":1406,"height":938,"url":"https:\/\/www.bemyeyes.com\/wp-content\/uploads\/2023\/09\/BeMyEyes-logo-4.jpg","type":"image\/jpeg"}],"twitter_card":"summary_large_image","twitter_misc":{"Est. reading time":"4 minutes"},"schema":{"@context":"https:\/\/schema.org","@graph":[{"@type":"WebPage","@id":"https:\/\/www.bemyeyes.com\/sk\/home\/","url":"https:\/\/www.bemyeyes.com\/sk\/home\/","name":"Technol\u00f3gia pr\u00edstupnosti pre nevidiacich a slabozrak\u00fdch - Be My Eyes","isPartOf":{"@id":"https:\/\/www.bemyeyes.com\/#website"},"datePublished":"2025-01-30T06:54:37+00:00","dateModified":"2025-03-27T12:37:02+00:00","description":"Vysk\u00fa\u0161ajte v\u00fdhody pr\u00edstupnej technol\u00f3gie s Be My Eyes. Spojte sa s dobrovo\u013en\u00edkmi a z\u00edskajte pomoc v re\u00e1lnom \u010dase prostredn\u00edctvom videa.","breadcrumb":{"@id":"https:\/\/www.bemyeyes.com\/sk\/home\/#breadcrumb"},"inLanguage":"en-US","potentialAction":[{"@type":"ReadAction","target":["https:\/\/www.bemyeyes.com\/sk\/home\/"]}]},{"@type":"BreadcrumbList","@id":"https:\/\/www.bemyeyes.com\/sk\/home\/#breadcrumb","itemListElement":[{"@type":"ListItem","position":1,"name":"Home","item":"https:\/\/www.bemyeyes.com\/"},{"@type":"ListItem","position":2,"name":"Domov"}]},{"@type":"WebSite","@id":"https:\/\/www.bemyeyes.com\/#website","url":"https:\/\/www.bemyeyes.com\/","name":"Be My Eyes","description":"Let\u2019s see the world together","potentialAction":[{"@type":"SearchAction","target":{"@type":"EntryPoint","urlTemplate":"https:\/\/www.bemyeyes.com\/?s={search_term_string}"},"query-input":{"@type":"PropertyValueSpecification","valueRequired":true,"valueName":"search_term_string"}}],"inLanguage":"en-US"}]}},"_links":{"self":[{"href":"https:\/\/www.bemyeyes.com\/wp-json\/wp\/v2\/pages\/21191730","targetHints":{"allow":["GET"]}}],"collection":[{"href":"https:\/\/www.bemyeyes.com\/wp-json\/wp\/v2\/pages"}],"about":[{"href":"https:\/\/www.bemyeyes.com\/wp-json\/wp\/v2\/types\/page"}],"author":[{"embeddable":true,"href":"https:\/\/www.bemyeyes.com\/wp-json\/wp\/v2\/users\/1"}],"replies":[{"embeddable":true,"href":"https:\/\/www.bemyeyes.com\/wp-json\/wp\/v2\/comments?post=21191730"}],"version-history":[{"count":1,"href":"https:\/\/www.bemyeyes.com\/wp-json\/wp\/v2\/pages\/21191730\/revisions"}],"predecessor-version":[{"id":21192179,"href":"https:\/\/www.bemyeyes.com\/wp-json\/wp\/v2\/pages\/21191730\/revisions\/21192179"}],"wp:attachment":[{"href":"https:\/\/www.bemyeyes.com\/wp-json\/wp\/v2\/media?parent=21191730"}],"curies":[{"name":"wp","href":"https:\/\/api.w.org\/{rel}","templated":true}]}}