{"id":21191728,"date":"2025-01-30T06:54:37","date_gmt":"2025-01-30T06:54:37","guid":{"rendered":"https:\/\/www.bemyeyes.com\/home\/"},"modified":"2025-03-27T12:37:00","modified_gmt":"2025-03-27T12:37:00","slug":"home","status":"publish","type":"page","link":"https:\/\/www.bemyeyes.com\/ro\/home\/","title":{"rendered":"Acas\u0103"},"content":{"rendered":"<section id=\"hero\"         class=\"max-w-screen-xl px-4 2xl:px-0 mx-auto flex flex-col md:flex-row gap-8 items-stretch h-full py-12 transition-colors duration-300  \"\n        role=\"region\"\n        aria-labelledby=\"hero-heading\"\n>\n    <!-- Left Column (2\/3 width) -->\n    <div class=\"w-full md:w-full lg:w-2\/3 p-6 lg:p-20 rounded-2xl border border-primary bg-secondary flex flex-col gap-6 bg-[var(--hero-bg)]\" aria-labelledby=\"hero-heading hero-text\"\n    >\n        <!-- Text Content -->\n        <div class=\"Text flex flex-col gap-6 h-full justify-start\">\n                        <h1 id=\"hero-heading\" class=\"heading-1 text-primary-light font-medium leading-tight lg:mb-6\">\n                S\u0103 vedem lumea \u00eempreun\u0103            <\/h1>\n                                    <div id=\"hero-text\" class=\"text-body text-base lg:text-xl leading-relaxed lg:mb-6 max-w-[90%]\">\n                 <p>Be My Eyes conecteaz\u0103 utilizatorii nev\u0103z\u0103tori sau cu vedere redus\u0103 care doresc asisten\u021b\u0103, cu voluntari \u0219i companii din \u00eentreaga lume, prin video live \u0219i AI.<\/p>\n            <\/div>\n                        <div class=\"flex\">\n                            <a class=\"btn btn-primary\" href=\"https:\/\/www.bemyeyes.com\/download-app\/\" target=\"_self\" role=\"button\" aria-label=\"Descarc\u0103 aplica\u021bia pentru a \u00eencepe cu descrierea voluntarilor \u0219i AI\">Descarc\u0103 aplica\u021bia<\/a>\n                            <\/div>\n        <\/div>\n    <\/div>\n\n    <!-- Right Column (1\/3 width) -->\n    <div class=\"w-full md:w-full lg:w-1\/3 rounded-2xl flex bg-center bg-contain items-center justify-center shadow-md bg-accent min-h-[400px] md:h-100vh desktop-hero-bg lazyload\" role=\"img\" aria-labelledby=\"right-column-title\" aria-describedby=\"right-column-description\" style=\"background:inherit; background-size: cover; background-position: top center;\"\n     data-bg=\"url(&#039;https:\/\/www.bemyeyes.com\/wp-content\/uploads\/2025\/03\/shutterstock_1584439942-scaled-e1748870848195.jpg&#039;)\">\n        <!-- Mobile Image (visible only on mobile) -->\n        <img decoding=\"async\" \n            data-src=\"https:\/\/www.bemyeyes.com\/wp-content\/uploads\/2025\/03\/shutterstock_1584439942-scaled-e1748870848195.jpg\"\n            alt=\"Hero image\"\n            class=\"mobile-hero-img w-full h-full object-cover rounded-2xl lazyload\"\n src=\"data:image\/svg+xml;base64,PHN2ZyB3aWR0aD0iMSIgaGVpZ2h0PSIxIiB4bWxucz0iaHR0cDovL3d3dy53My5vcmcvMjAwMC9zdmciPjwvc3ZnPg==\" style=\"--smush-placeholder-width: 800px; --smush-placeholder-aspect-ratio: 800\/655;\" \/>\n        \n        <!-- Accessible Text Descriptions -->\n                <div id=\"right-column-title\" class=\"sr-only\"> Imagine a unui utilizator al serviciului Be My Eyes<\/div>\n                        <div id=\"right-column-description\" class=\"sr-only\">\n            <p>O persoan\u0103 cu p\u0103r lung blond, \u00eentr-o geac\u0103 albastr\u0103 \u0219i e\u0219arf\u0103, \u021bine un smartphone \u0219i se uit\u0103 la el \u00eentr-un mediu slab iluminat. Generat cu Be My AI\u2122. <\/p>\n        <\/div>\n            <\/div>\n<\/section>\n<section  id=\"audience-type\"         aria-labelledby=\"audience-type-heading\"\n        class=\"mx-auto px-4 py-12 flex w-full flex-col items-center transition-colors duration-300 \"\n>\n    <div class=\"flex flex-col items-start gap-8 w-full max-w-screen-xl\">\n        <!-- Section Header -->\n        <header class=\"flex flex-col w-full items-start\">\n                        <p id=\"audience-type-subheading\" class=\"text-sm w-full font-normal text-tertiary text-[var(--text-eyebrow)]\">Pentru cine este aplica\u021bia<\/p>\n                                    <h2 id=\"audience-type-heading\" class=\"text-3xl w-full lg:text-4xl font-medium leading-tight text-primary\">\n                Facem o diferen\u021b\u0103 acolo unde este nevoie            <\/h2>\n                    <\/header>\n\n        <!-- Cards -->\n            <\/div>\n<\/section>\n\n\n<section id=\"Benefits\"         aria-labelledby=\"benefits-title\"\n        class=\"Benefits px-4 py-4 2xl:pt-16 2xl:pb-20 flex flex-col justify-start items-center \"\n>\n    <div class=\"Benefits flex flex-col justify-start items-start max-w-screen-xl w-full\">\n        <header class=\"flex flex-col items-start mb-12\">\n                        <p id=\"benefits-title\" class=\"Benefits opacity-95 text-[var(--text-eyebrow)] text-sm font-normal font-inter leading-relaxed\">\n                Beneficii            <\/p>\n                                    <h2 id=\"audience-type-heading\" class=\"lg:text-4xl text-3xl font-medium leading-tight text-primary\">\n                Oameni reali. Suport real. Impact real.              <\/h2>\n                    <\/header>\n        <div class=\"Container w-full flex flex-col justify-start items-start gap-12\">\n            <div class=\"Container flex flex-col justify-center items-center\">\n                                <div class=\"Frame248 flex flex-col justify-start items-start gap-10 w-full\">\n                                        <!-- Row 1 -->\n                                        <div class=\"Frame247 flex flex-col md:flex-row justify-start items-start md:items-center gap-8 w-full\">\n                                                <!-- Feature 1 -->\n                        <div class=\"Container flex flex-col justify-center items-start gap-4 w-full md:w-1\/3\">\n                                                        <div class=\"Calls p-2.5 bg-[var(--icon-bg)] rounded-lg flex justify-center items-center\" >\n                                <img decoding=\"async\" class=\"RingVolume w-7 h-7 lazyload\" data-src=\"https:\/\/www.bemyeyes.com\/wp-content\/uploads\/2025\/03\/6.svg\" alt=\"phone icon\" src=\"data:image\/svg+xml;base64,PHN2ZyB3aWR0aD0iMSIgaGVpZ2h0PSIxIiB4bWxucz0iaHR0cDovL3d3dy53My5vcmcvMjAwMC9zdmciPjwvc3ZnPg==\" \/>\n                            <\/div>\n                                                        <div class=\"Frame240 flex flex-col justify-start items-start gap-3\">\n                                                                <div class=\"text-[var(--primary-color)] text-lg font-medium font-inter leading-7\">\n                                   Apeluri gratuite \u0219i nelimitate                                <\/div>\n                                                                                                <div class=\"text-[var(--text-color)] text-base font-normal font-inter leading-relaxed\">\n                                    Sun\u0103 c\u00e2t de des ai nevoie f\u0103r\u0103 s\u0103 te \u00eengrijorezi de costuri.                                <\/div>\n                                                            <\/div>\n                        <\/div>\n                                                <!-- Feature 1 -->\n                        <div class=\"Container flex flex-col justify-center items-start gap-4 w-full md:w-1\/3\">\n                                                        <div class=\"Calls p-2.5 bg-[var(--icon-bg)] rounded-lg flex justify-center items-center\" >\n                                <img decoding=\"async\" class=\"RingVolume w-7 h-7 lazyload\" data-src=\"https:\/\/www.bemyeyes.com\/wp-content\/uploads\/2025\/03\/7.svg\" alt=\"time icon\" src=\"data:image\/svg+xml;base64,PHN2ZyB3aWR0aD0iMSIgaGVpZ2h0PSIxIiB4bWxucz0iaHR0cDovL3d3dy53My5vcmcvMjAwMC9zdmciPjwvc3ZnPg==\" \/>\n                            <\/div>\n                                                        <div class=\"Frame240 flex flex-col justify-start items-start gap-3\">\n                                                                <div class=\"text-[var(--primary-color)] text-lg font-medium font-inter leading-7\">\n                                   Disponibil zi \u0219i noapte                                <\/div>\n                                                                                                <div class=\"text-[var(--text-color)] text-base font-normal font-inter leading-relaxed\">\n                                    Conecteaz\u0103-te cu re\u021beaua noastr\u0103 de voluntari \u0219i instrumente AI 24\/7.                                <\/div>\n                                                            <\/div>\n                        <\/div>\n                                                <!-- Feature 1 -->\n                        <div class=\"Container flex flex-col justify-center items-start gap-4 w-full md:w-1\/3\">\n                                                        <div class=\"Calls p-2.5 bg-[var(--icon-bg)] rounded-lg flex justify-center items-center\" >\n                                <img decoding=\"async\" class=\"RingVolume w-7 h-7 lazyload\" data-src=\"https:\/\/www.bemyeyes.com\/wp-content\/uploads\/2025\/03\/15.svg\" alt=\"icon\" src=\"data:image\/svg+xml;base64,PHN2ZyB3aWR0aD0iMSIgaGVpZ2h0PSIxIiB4bWxucz0iaHR0cDovL3d3dy53My5vcmcvMjAwMC9zdmciPjwvc3ZnPg==\" \/>\n                            <\/div>\n                                                        <div class=\"Frame240 flex flex-col justify-start items-start gap-3\">\n                                                                <div class=\"text-[var(--primary-color)] text-lg font-medium font-inter leading-7\">\n                                   100% anonim                                <\/div>\n                                                                                                <div class=\"text-[var(--text-color)] text-base font-normal font-inter leading-relaxed\">\n                                    Voluntarii \u00ee\u021bi aud doar vocea \u0219i v\u0103d ceea ce \u00eemp\u0103rt\u0103\u0219e\u0219ti prin camera ta.                                <\/div>\n                                                            <\/div>\n                        <\/div>\n                                            <\/div>\n                                        <!-- Row 1 -->\n                                        <div class=\"Frame247 flex flex-col md:flex-row justify-start items-start md:items-center gap-8 w-full\">\n                                                <!-- Feature 1 -->\n                        <div class=\"Container flex flex-col justify-center items-start gap-4 w-full md:w-1\/3\">\n                                                        <div class=\"Calls p-2.5 bg-[var(--icon-bg)] rounded-lg flex justify-center items-center\" >\n                                <img decoding=\"async\" class=\"RingVolume w-7 h-7 lazyload\" data-src=\"https:\/\/www.bemyeyes.com\/wp-content\/uploads\/2025\/03\/9.svg\" alt=\"globe icon\" src=\"data:image\/svg+xml;base64,PHN2ZyB3aWR0aD0iMSIgaGVpZ2h0PSIxIiB4bWxucz0iaHR0cDovL3d3dy53My5vcmcvMjAwMC9zdmciPjwvc3ZnPg==\" \/>\n                            <\/div>\n                                                        <div class=\"Frame240 flex flex-col justify-start items-start gap-3\">\n                                                                <div class=\"text-[var(--primary-color)] text-lg font-medium font-inter leading-7\">\n                                   Suport la nivel mondial                                <\/div>\n                                                                                                <div class=\"text-[var(--text-color)] text-base font-normal font-inter leading-relaxed\">\n                                    Suntem disponibili \u00een peste 150 de \u021b\u0103ri.                                <\/div>\n                                                            <\/div>\n                        <\/div>\n                                                <!-- Feature 1 -->\n                        <div class=\"Container flex flex-col justify-center items-start gap-4 w-full md:w-1\/3\">\n                                                        <div class=\"Calls p-2.5 bg-[var(--icon-bg)] rounded-lg flex justify-center items-center\" >\n                                <img decoding=\"async\" class=\"RingVolume w-7 h-7 lazyload\" data-src=\"https:\/\/www.bemyeyes.com\/wp-content\/uploads\/2025\/03\/10.svg\" alt=\"communication icon\" src=\"data:image\/svg+xml;base64,PHN2ZyB3aWR0aD0iMSIgaGVpZ2h0PSIxIiB4bWxucz0iaHR0cDovL3d3dy53My5vcmcvMjAwMC9zdmciPjwvc3ZnPg==\" \/>\n                            <\/div>\n                                                        <div class=\"Frame240 flex flex-col justify-start items-start gap-3\">\n                                                                <div class=\"text-[var(--primary-color)] text-lg font-medium font-inter leading-7\">\n                                   Asisten\u021b\u0103 \u00een timp real                                <\/div>\n                                                                                                <div class=\"text-[var(--text-color)] text-base font-normal font-inter leading-relaxed\">\n                                    Ob\u021bine suport instantaneu de \u00eendat\u0103 ce ai nevoie.                                <\/div>\n                                                            <\/div>\n                        <\/div>\n                                                <!-- Feature 1 -->\n                        <div class=\"Container flex flex-col justify-center items-start gap-4 w-full md:w-1\/3\">\n                                                        <div class=\"Calls p-2.5 bg-[var(--icon-bg)] rounded-lg flex justify-center items-center\" >\n                                <img decoding=\"async\" class=\"RingVolume w-7 h-7 lazyload\" data-src=\"https:\/\/www.bemyeyes.com\/wp-content\/uploads\/2025\/03\/11.svg\" alt=\"person icon\" src=\"data:image\/svg+xml;base64,PHN2ZyB3aWR0aD0iMSIgaGVpZ2h0PSIxIiB4bWxucz0iaHR0cDovL3d3dy53My5vcmcvMjAwMC9zdmciPjwvc3ZnPg==\" \/>\n                            <\/div>\n                                                        <div class=\"Frame240 flex flex-col justify-start items-start gap-3\">\n                                                                <div class=\"text-[var(--primary-color)] text-lg font-medium font-inter leading-7\">\n                                   Accesibilitate pentru to\u021bi                                <\/div>\n                                                                                                <div class=\"text-[var(--text-color)] text-base font-normal font-inter leading-relaxed\">\n                                    Vrem s\u0103 facem sarcinile zilnice u\u0219oare pentru toat\u0103 lumea.                                <\/div>\n                                                            <\/div>\n                        <\/div>\n                                            <\/div>\n                                    <\/div>\n                            <\/div>\n        <\/div>\n    <\/div>\n<\/section>\n<!-- Fetch Live User Counts -->\n\n<section id=\"about-us-stats\" class=\"AboutUs py-8 lg:py-16 px-4 flex flex-col justify-start items-start bg-primary transition-colors duration-300\" aria-labelledby=\"about-us-heading\">\n    <div class=\"max-w-screen-xl mx-auto flex flex-col md:flex-row border border-primary py-4 px-4 md:px-12 md:py-10 rounded-xl justify-start items-start gap-16 w-full\">\n        <!-- Left Column -->\n        <div class=\"w-full md:w-1\/2 About flex flex-col gap-6\">\n            <div class=\"flex flex-col justify-between items-start h-full\">\n                                    <div class=\"text-tertiary text-sm font-normal font-inter text-[var(--text-eyebrow)] leading-relaxed\" id=\"about-us-heading\">\n                        Despre noi                    <\/div>\n                                                    <h2 class=\"text-primary-light text-3xl lg:text-4xl font-medium font-inter leading-[125%] mb-12\">\n                        \u00cen fiecare zi, facem lumea mai accesibil\u0103 pentru mai mul\u021bi oameni                    <\/h2>\n                                                    <a class=\"btn btn-primary\" href=\"https:\/\/www.bemyeyes.com\/about-us\/\" target=\"_self\" role=\"button\" aria-label=\"Pentru a afla mai multe despre noi, click aici\">\n                        Mai multe despre noi                    <\/a>\n                            <\/div>\n        <\/div>\n\n        <!-- Right Column -->\n        <div class=\"w-full md:w-1\/2 flex flex-col gap-12\">\n            <div class=\"flex flex-col sm:flex-row gap-8\">\n                <div class=\"flex flex-col w-1\/2 gap-2 items-start break-all\">\n                    <span class=\"px-4 py-1 rounded-full border border-[var(--stat-border-red)] text-[var(--stat-text)] text-sm font-medium\" aria-label=\"Live statistic indicator\">\n                        Live\n                    <\/span>\n                    <p class=\"text-primary-light text-3xl md:text-[50px] font-medium leading-snug\" aria-label=\"Total volunteers\">\n                        10,347,827                    <\/p>\n                    <p class=\"text-body text-base font-normal\">Volunteers<\/p>\n                <\/div>\n                <div class=\"flex flex-col w-1\/2 gap-2 items-start break-all\">\n                    <span class=\"px-4 py-1 rounded-full border border-[var(--stat-border-red)] text-[var(--stat-text)] text-sm font-medium\" aria-label=\"Total blind and low-vision users\">\n                        Live\n                    <\/span>\n                    <p class=\"text-primary-light text-3xl md:text-[50px] font-medium leading-snug\" aria-label=\"Total blind and low-vision users\">\n                        1,027,696                    <\/p>\n                    <p class=\"text-body text-base font-normal\">Blind &#038; low-vision<\/p>\n                <\/div>\n            <\/div>\n            <div class=\"flex flex-col sm:flex-row gap-8\">\n                <div class=\"flex flex-col w-1\/2 gap-2 items-start\">\n                    <p class=\"text-primary-light text-3xl md:text-[50px] font-medium leading-snug\" aria-label=\"Total countries Be My Eyes serves\">\n                        150+\n                    <\/p>\n                    <p class=\"text-body text-base font-normal\">Countries<\/p>\n                <\/div>\n                <div class=\"flex flex-col w-1\/2 gap-2 items-start\">\n                    <p class=\"text-primary-light text-3xl md:text-[50px] font-medium leading-snug\" aria-label=\"Total languages supported\">\n                        180+\n                    <\/p>\n                    <p class=\"text-body text-base font-normal\">Languages<\/p>\n                <\/div>\n            <\/div>\n        <\/div>\n    <\/div>\n<\/section>\n<section id=\"community-section\"         aria-labelledby=\"community-title\"\n        class=\"px-4 py-12 md:px-4 md:py-8 lg:py-16 flex flex-col justify-start items-center bg-primary transition-colors duration-300 \"\n>\n    <div class=\"max-w-screen-xl flex flex-col justify-start items-start gap-16 w-full\">\n        <div class=\"border border-primary bg-[var(--hero-bg)] w-full rounded-3xl bg-secondary px-4 py-6 lg:px-16 lg:py-12 flex flex-col justify-start items-start\">\n            <div class=\"flex flex-col md:flex-row justify-between items-center w-full gap-12\">\n                <!-- Left Content -->\n                <div class=\"flex flex-col justify-start items-start gap-4 w-full md:w-1\/2\">\n                    <div class=\"flex flex-col\">\n                                                <div id=\"community-title\" class=\"text-[var(--text-eyebrow)] text-sm font-normal font-inter leading-relaxed\">\n                            Comunitate                        <\/div>\n                                                                        <h2 class=\"text-primary-light text-3xl lg:text-4xl font-medium font-inter leading-tight\">\n                            Descoper\u0103 comunitatea noastr\u0103                        <\/h2>\n                                            <\/div>\n                    <div class=\"flex items-start flex-col gap-6\">\n                                                <div class=\"text-body text-base lg:text-lg font-normal font-inter leading-relaxed\">\n                            <p>Scopul nostru este s\u0103 facem lumea mai accesibil\u0103 pentru persoanele nev\u0103z\u0103toare sau cu vedere redus\u0103. Nu am putea face acest lucru f\u0103r\u0103 ajutorul \u0219i dedicarea comunit\u0103\u021bii noastre. Cite\u0219te blogul nostru, ascult\u0103 podcasturile noastre sau cite\u0219te pove\u0219ti de la utilizatori reali din \u00eentreaga lume.  <\/p>\n                        <\/div>\n                                                                        <a class=\"btn btn-primary px-6 py-3 rounded-full text-base font-semibold transition\" href=\"https:\/\/www.bemyeyes.com\/stories\/\" role=\"button\" title=\"Al\u0103tur\u0103-te comunit\u0103\u021bii noastre f\u0103c\u00e2nd click aici\" target=\"_self\" aria-label=\"Al\u0103tur\u0103-te comunit\u0103\u021bii noastre f\u0103c\u00e2nd click aici\">Exploreaz\u0103 comunitatea<\/a>\n                                            <\/div>\n                <\/div>\n\n                <!-- Right Content -->\n                <div\n                        class=\"w-full md:w-1\/3 rounded-xl h-64 desktop-hero-bg lazyload\"\n                        role=\"img\"\n                        aria-labelledby=\"right-column-title\"\n                        aria-describedby=\"right-column-description\"\n                        style=\"background:inherit;background-size: cover;\"\n                 data-bg=\"url(&#039;https:\/\/www.bemyeyes.com\/wp-content\/uploads\/2025\/02\/community-thumbnail.png&#039;)\">\n                    <!-- Mobile Image (visible only on mobile) -->\n                    <img decoding=\"async\" \n                        data-src=\"https:\/\/www.bemyeyes.com\/wp-content\/uploads\/2025\/02\/community-thumbnail.png\"\n                        alt=\"Imagine a unui utilizator al serviciului Be My Eyes \u0219i copilul ei\"\n                        class=\"mobile-hero-img w-full h-full object-contain rounded-xl lazyload\"\n src=\"data:image\/svg+xml;base64,PHN2ZyB3aWR0aD0iMSIgaGVpZ2h0PSIxIiB4bWxucz0iaHR0cDovL3d3dy53My5vcmcvMjAwMC9zdmciPjwvc3ZnPg==\" style=\"--smush-placeholder-width: 812px; --smush-placeholder-aspect-ratio: 812\/650;\" \/>\n                    \n                                        <div id=\"right-column-title\" class=\"sr-only\">\n                        Imagine a unui utilizator al serviciului Be My Eyes \u0219i copilul ei                    <\/div>\n                                        \n                                        <div id=\"right-column-description\" class=\"sr-only\">\n                       &lt;p&gt;O femeie cu ochelari de soare \u0219i un baston alb z\u00e2mbe\u0219te unei feti\u021be pe un scuter. \u00cemp\u0103rt\u0103\u0219esc un moment fericit \u00een aer liber. Generat cu Be My AI.  &lt;\/p&gt;\n                    <\/div>\n                                        <!-- Placeholder for image or content -->\n                <\/div>\n            <\/div>\n        <\/div>\n    <\/div>\n<\/section><section id=\"whatsnew\"         aria-labelledby=\"whatsnew-title\"\n        class=\"px-4 py-4 md:py-8 lg:py-16 flex flex-col justify-start items-center bg-primary transition-colors duration-300 \">\n\n    <div class=\"WhatSNew max-w-screen-xl mx-auto flex flex-col justify-start items-start gap-4 w-full\">\n        <!-- Section Header -->\n        <div class=\"w-full text-left flex flex-col gap-2\">\n            <div class=\"w-full\">\n                                    <p id=\"whatsnew-title\" class=\"text-[var(--text-eyebrow)] text-sm font-normal font-inter\">\n                        Ce este nou                    <\/p>\n                                                    <h2 class=\"text-primary-light text-3xl lg:text-4xl font-medium font-inter\">\n                        Exploreaz\u0103 cele mai recente pove\u0219ti, actualiz\u0103ri \u0219i perspective                    <\/h2>\n                <\/div>\n                                <\/div>\n\n        <!-- Blog Cards -->\n        <div class=\"flex items-stretch flex-col md:flex-row gap-8\">\n                                <div class=\"BlogCard w-full md:w-1\/3 p-6 bg-secondary rounded-3xl border border-primary gap-4 bg-[var(--hero-bg)]\">\n                        <div class=\"h-full flex flex-col justify-between items-start\">\n                            <div class=\"mb-6 w-full\">\n                                <a href=\"https:\/\/www.bemyeyes.com\/blog\/respect-trust-and-scale-a-note-to-our-community\/\" aria-label=\"Read more about Respect, Trust, and Scale: A Note to Our Community\" class=\"w-full block\">\n                                    <figure class=\"aspect-[16\/9] bg-accent rounded-lg w-full mb-6 bg-center lazyload\"\n                                            style=\"background:inherit; background-size: cover; background-repeat: no-repeat;\" data-bg=\"url(https:\/\/www.bemyeyes.com\/wp-content\/uploads\/2026\/03\/Blog-Post-Banner-Foundation.png)\">\n                                    <\/figure>\n                                <\/a>\n\n                                                                    <a href=\"https:\/\/www.bemyeyes.com\/category\/blog\/\"\n                                       class=\"text-tertiary text-sm font-normal border border-primary px-3 py-1 rounded-xl font-inter inline-flex mb-4\">\n                                        Blog                                    <\/a>\n                                \n                                <h3 class=\"text-primary-light text-xl font-medium font-inter leading-relaxed\">\n                                    <a href=\"https:\/\/www.bemyeyes.com\/blog\/respect-trust-and-scale-a-note-to-our-community\/\" class=\"hover:underline\">\n                                        Respect, Trust, and Scale: A Note to Our Community                                    <\/a>\n                                <\/h3>\n                            <\/div>\n\n                            <!-- Read More Link -->\n                                                            <a href=\"https:\/\/www.bemyeyes.com\/blog\/respect-trust-and-scale-a-note-to-our-community\/\" class=\"text-primary underline text-lg font-medium font-inter\"\n                                   aria-label=\"Click here to learn more about Respect, Trust, and Scale: A Note to Our Community\" role=\"button\">\n                                    Cite\u0219te mai mult \u2192                                <\/a>\n                                                    <\/div>\n                    <\/div>\n                                    <div class=\"BlogCard w-full md:w-1\/3 p-6 bg-secondary rounded-3xl border border-primary gap-4 bg-[var(--hero-bg)]\">\n                        <div class=\"h-full flex flex-col justify-between items-start\">\n                            <div class=\"mb-6 w-full\">\n                                <a href=\"https:\/\/www.bemyeyes.com\/blog\/we-asked-hilton-guests-about-be-my-eyes\/\" aria-label=\"Read more about We Asked Hilton Guests About Be My Eyes. Here&#8217;s What They Said\" class=\"w-full block\">\n                                    <figure class=\"aspect-[16\/9] bg-accent rounded-lg w-full mb-6 bg-center lazyload\"\n                                            style=\"background:inherit; background-size: cover; background-repeat: no-repeat;\" data-bg=\"url(https:\/\/www.bemyeyes.com\/wp-content\/uploads\/2026\/04\/Hilton-Blog-Post-Cover-1.png)\">\n                                    <\/figure>\n                                <\/a>\n\n                                                                    <a href=\"https:\/\/www.bemyeyes.com\/category\/blog\/\"\n                                       class=\"text-tertiary text-sm font-normal border border-primary px-3 py-1 rounded-xl font-inter inline-flex mb-4\">\n                                        Blog                                    <\/a>\n                                \n                                <h3 class=\"text-primary-light text-xl font-medium font-inter leading-relaxed\">\n                                    <a href=\"https:\/\/www.bemyeyes.com\/blog\/we-asked-hilton-guests-about-be-my-eyes\/\" class=\"hover:underline\">\n                                        We Asked Hilton Guests About Be My Eyes. Here&#8217;s What They Said                                    <\/a>\n                                <\/h3>\n                            <\/div>\n\n                            <!-- Read More Link -->\n                                                            <a href=\"https:\/\/www.bemyeyes.com\/blog\/we-asked-hilton-guests-about-be-my-eyes\/\" class=\"text-primary underline text-lg font-medium font-inter\"\n                                   aria-label=\"Click here to learn more about We Asked Hilton Guests About Be My Eyes. Here&#8217;s What They Said\" role=\"button\">\n                                    Cite\u0219te mai mult \u2192                                <\/a>\n                                                    <\/div>\n                    <\/div>\n                                    <div class=\"BlogCard w-full md:w-1\/3 p-6 bg-secondary rounded-3xl border border-primary gap-4 bg-[var(--hero-bg)]\">\n                        <div class=\"h-full flex flex-col justify-between items-start\">\n                            <div class=\"mb-6 w-full\">\n                                <a href=\"https:\/\/www.bemyeyes.com\/blog\/visual-interpretation-without-borders-why-accessible-technology-matters-more-than-ever-in-emerging-economies\/\" aria-label=\"Read more about Visual Interpretation Without Borders: Why Accessible Technology Matters More Than Ever in Emerging Economies\" class=\"w-full block\">\n                                    <figure class=\"aspect-[16\/9] bg-accent rounded-lg w-full mb-6 bg-center lazyload\"\n                                            style=\"background:inherit; background-size: cover; background-repeat: no-repeat;\" data-bg=\"url(https:\/\/www.bemyeyes.com\/wp-content\/uploads\/2026\/04\/Disability-Awareness-Blog-Cover-1.png)\">\n                                    <\/figure>\n                                <\/a>\n\n                                                                    <a href=\"https:\/\/www.bemyeyes.com\/category\/blog\/\"\n                                       class=\"text-tertiary text-sm font-normal border border-primary px-3 py-1 rounded-xl font-inter inline-flex mb-4\">\n                                        Blog                                    <\/a>\n                                \n                                <h3 class=\"text-primary-light text-xl font-medium font-inter leading-relaxed\">\n                                    <a href=\"https:\/\/www.bemyeyes.com\/blog\/visual-interpretation-without-borders-why-accessible-technology-matters-more-than-ever-in-emerging-economies\/\" class=\"hover:underline\">\n                                        Visual Interpretation Without Borders: Why Accessible Technology Matters More Than Ever in Emerging Economies                                    <\/a>\n                                <\/h3>\n                            <\/div>\n\n                            <!-- Read More Link -->\n                                                            <a href=\"https:\/\/www.bemyeyes.com\/blog\/visual-interpretation-without-borders-why-accessible-technology-matters-more-than-ever-in-emerging-economies\/\" class=\"text-primary underline text-lg font-medium font-inter\"\n                                   aria-label=\"Click here to learn more about Visual Interpretation Without Borders: Why Accessible Technology Matters More Than Ever in Emerging Economies\" role=\"button\">\n                                    Cite\u0219te mai mult \u2192                                <\/a>\n                                                    <\/div>\n                    <\/div>\n                        <\/div>\n    <\/div>\n<\/section>\n<section id=\"contact-us-cta\"         aria-labelledby=\"contact-us-cta-title\"\n        class=\"px-4 md:px-4 \">\n    <div class=\"ContactUs w-full max-w-screen-xl rounded-3xl mx-auto px-6 md:px-20 py-10 md:py-12 border border-primary  bg-[var(--hero-bg)] flex flex-col items-center\">\n        <!-- Text Section -->\n        <div class=\"Container flex flex-col items-start lg:gap-8 justify-between text-center\">\n                        <h2 id=\"contact-us-cta-title\" class=\"text-[var(--primary-color)] text-2xl md:text-3xl lg:text-4xl font-medium font-inter !leading-[125%] mb-6\">\n                Contacteaz\u0103-ne pentru \u00eentreb\u0103ri sau orice suport de care ai nevoie. Echipa noastr\u0103 este gata s\u0103 ajute.             <\/h2>\n                        <!-- Button -->\n                        <div class=\"w-full items-center\">\n                                <a class=\"btn btn-primary lg:mt-12\" title=\"Click aici pentru a ne contacta\" href=\"https:\/\/www.bemyeyes.com\/contact-us\/\" target=\"_self\">Contacteaz\u0103-ne<\/a>\n            <\/div>\n                    <\/div>\n    <\/div>\n<\/section>","protected":false},"excerpt":{"rendered":"","protected":false},"author":1,"featured_media":0,"parent":0,"menu_order":0,"comment_status":"closed","ping_status":"closed","template":"","meta":{"_acf_changed":false,"content-type":"","inline_featured_image":false,"footnotes":""},"class_list":["post-21191728","page","type-page","status-publish","hentry"],"acf":[],"yoast_head":"<!-- This site is optimized with the Yoast SEO Premium plugin v26.6 (Yoast SEO v27.1.1) - https:\/\/yoast.com\/product\/yoast-seo-premium-wordpress\/ -->\n<title>Tehnologie de accesibilitate pentru persoane nev\u0103z\u0103toare \u0219i cu vedere redus\u0103 - Be My Eyes<\/title>\n<meta name=\"description\" content=\"Experimenteaz\u0103 beneficiile tehnologiei accesibile cu Be My Eyes. Conecteaz\u0103-te cu voluntari pentru asisten\u021b\u0103 \u00een timp real prin video.\" \/>\n<meta name=\"robots\" content=\"index, follow, max-snippet:-1, max-image-preview:large, max-video-preview:-1\" \/>\n<link rel=\"canonical\" href=\"https:\/\/www.bemyeyes.com\/home\/\" \/>\n<meta property=\"og:locale\" content=\"en_US\" \/>\n<meta property=\"og:type\" content=\"article\" \/>\n<meta property=\"og:title\" content=\"Acas\u0103\" \/>\n<meta property=\"og:description\" content=\"Experimenteaz\u0103 beneficiile tehnologiei accesibile cu Be My Eyes. Conecteaz\u0103-te cu voluntari pentru asisten\u021b\u0103 \u00een timp real prin video.\" \/>\n<meta property=\"og:url\" content=\"https:\/\/www.bemyeyes.com\/ro\/home\/\" \/>\n<meta property=\"og:site_name\" content=\"Be My Eyes\" \/>\n<meta property=\"article:modified_time\" content=\"2025-03-27T12:37:00+00:00\" \/>\n<meta property=\"og:image\" content=\"https:\/\/www.bemyeyes.com\/wp-content\/uploads\/2023\/09\/BeMyEyes-logo-4.jpg\" \/>\n\t<meta property=\"og:image:width\" content=\"1406\" \/>\n\t<meta property=\"og:image:height\" content=\"938\" \/>\n\t<meta property=\"og:image:type\" content=\"image\/jpeg\" \/>\n<meta name=\"twitter:card\" content=\"summary_large_image\" \/>\n<meta name=\"twitter:label1\" content=\"Est. reading time\" \/>\n\t<meta name=\"twitter:data1\" content=\"4 minutes\" \/>\n<script type=\"application\/ld+json\" class=\"yoast-schema-graph\">{\"@context\":\"https:\/\/schema.org\",\"@graph\":[{\"@type\":\"WebPage\",\"@id\":\"https:\/\/www.bemyeyes.com\/ro\/home\/\",\"url\":\"https:\/\/www.bemyeyes.com\/ro\/home\/\",\"name\":\"Tehnologie de accesibilitate pentru persoane nev\u0103z\u0103toare \u0219i cu vedere redus\u0103 - Be My Eyes\",\"isPartOf\":{\"@id\":\"https:\/\/www.bemyeyes.com\/#website\"},\"datePublished\":\"2025-01-30T06:54:37+00:00\",\"dateModified\":\"2025-03-27T12:37:00+00:00\",\"description\":\"Experimenteaz\u0103 beneficiile tehnologiei accesibile cu Be My Eyes. Conecteaz\u0103-te cu voluntari pentru asisten\u021b\u0103 \u00een timp real prin video.\",\"breadcrumb\":{\"@id\":\"https:\/\/www.bemyeyes.com\/ro\/home\/#breadcrumb\"},\"inLanguage\":\"en-US\",\"potentialAction\":[{\"@type\":\"ReadAction\",\"target\":[\"https:\/\/www.bemyeyes.com\/ro\/home\/\"]}]},{\"@type\":\"BreadcrumbList\",\"@id\":\"https:\/\/www.bemyeyes.com\/ro\/home\/#breadcrumb\",\"itemListElement\":[{\"@type\":\"ListItem\",\"position\":1,\"name\":\"Home\",\"item\":\"https:\/\/www.bemyeyes.com\/\"},{\"@type\":\"ListItem\",\"position\":2,\"name\":\"Acas\u0103\"}]},{\"@type\":\"WebSite\",\"@id\":\"https:\/\/www.bemyeyes.com\/#website\",\"url\":\"https:\/\/www.bemyeyes.com\/\",\"name\":\"Be My Eyes\",\"description\":\"Let\u2019s see the world together\",\"potentialAction\":[{\"@type\":\"SearchAction\",\"target\":{\"@type\":\"EntryPoint\",\"urlTemplate\":\"https:\/\/www.bemyeyes.com\/?s={search_term_string}\"},\"query-input\":{\"@type\":\"PropertyValueSpecification\",\"valueRequired\":true,\"valueName\":\"search_term_string\"}}],\"inLanguage\":\"en-US\"}]}<\/script>\n<!-- \/ Yoast SEO Premium plugin. -->","yoast_head_json":{"title":"Tehnologie de accesibilitate pentru persoane nev\u0103z\u0103toare \u0219i cu vedere redus\u0103 - Be My Eyes","description":"Experimenteaz\u0103 beneficiile tehnologiei accesibile cu Be My Eyes. Conecteaz\u0103-te cu voluntari pentru asisten\u021b\u0103 \u00een timp real prin video.","robots":{"index":"index","follow":"follow","max-snippet":"max-snippet:-1","max-image-preview":"max-image-preview:large","max-video-preview":"max-video-preview:-1"},"canonical":"https:\/\/www.bemyeyes.com\/home\/","og_locale":"en_US","og_type":"article","og_title":"Acas\u0103","og_description":"Experimenteaz\u0103 beneficiile tehnologiei accesibile cu Be My Eyes. Conecteaz\u0103-te cu voluntari pentru asisten\u021b\u0103 \u00een timp real prin video.","og_url":"https:\/\/www.bemyeyes.com\/ro\/home\/","og_site_name":"Be My Eyes","article_modified_time":"2025-03-27T12:37:00+00:00","og_image":[{"width":1406,"height":938,"url":"https:\/\/www.bemyeyes.com\/wp-content\/uploads\/2023\/09\/BeMyEyes-logo-4.jpg","type":"image\/jpeg"}],"twitter_card":"summary_large_image","twitter_misc":{"Est. reading time":"4 minutes"},"schema":{"@context":"https:\/\/schema.org","@graph":[{"@type":"WebPage","@id":"https:\/\/www.bemyeyes.com\/ro\/home\/","url":"https:\/\/www.bemyeyes.com\/ro\/home\/","name":"Tehnologie de accesibilitate pentru persoane nev\u0103z\u0103toare \u0219i cu vedere redus\u0103 - Be My Eyes","isPartOf":{"@id":"https:\/\/www.bemyeyes.com\/#website"},"datePublished":"2025-01-30T06:54:37+00:00","dateModified":"2025-03-27T12:37:00+00:00","description":"Experimenteaz\u0103 beneficiile tehnologiei accesibile cu Be My Eyes. Conecteaz\u0103-te cu voluntari pentru asisten\u021b\u0103 \u00een timp real prin video.","breadcrumb":{"@id":"https:\/\/www.bemyeyes.com\/ro\/home\/#breadcrumb"},"inLanguage":"en-US","potentialAction":[{"@type":"ReadAction","target":["https:\/\/www.bemyeyes.com\/ro\/home\/"]}]},{"@type":"BreadcrumbList","@id":"https:\/\/www.bemyeyes.com\/ro\/home\/#breadcrumb","itemListElement":[{"@type":"ListItem","position":1,"name":"Home","item":"https:\/\/www.bemyeyes.com\/"},{"@type":"ListItem","position":2,"name":"Acas\u0103"}]},{"@type":"WebSite","@id":"https:\/\/www.bemyeyes.com\/#website","url":"https:\/\/www.bemyeyes.com\/","name":"Be My Eyes","description":"Let\u2019s see the world together","potentialAction":[{"@type":"SearchAction","target":{"@type":"EntryPoint","urlTemplate":"https:\/\/www.bemyeyes.com\/?s={search_term_string}"},"query-input":{"@type":"PropertyValueSpecification","valueRequired":true,"valueName":"search_term_string"}}],"inLanguage":"en-US"}]}},"_links":{"self":[{"href":"https:\/\/www.bemyeyes.com\/wp-json\/wp\/v2\/pages\/21191728","targetHints":{"allow":["GET"]}}],"collection":[{"href":"https:\/\/www.bemyeyes.com\/wp-json\/wp\/v2\/pages"}],"about":[{"href":"https:\/\/www.bemyeyes.com\/wp-json\/wp\/v2\/types\/page"}],"author":[{"embeddable":true,"href":"https:\/\/www.bemyeyes.com\/wp-json\/wp\/v2\/users\/1"}],"replies":[{"embeddable":true,"href":"https:\/\/www.bemyeyes.com\/wp-json\/wp\/v2\/comments?post=21191728"}],"version-history":[{"count":1,"href":"https:\/\/www.bemyeyes.com\/wp-json\/wp\/v2\/pages\/21191728\/revisions"}],"predecessor-version":[{"id":21192177,"href":"https:\/\/www.bemyeyes.com\/wp-json\/wp\/v2\/pages\/21191728\/revisions\/21192177"}],"wp:attachment":[{"href":"https:\/\/www.bemyeyes.com\/wp-json\/wp\/v2\/media?parent=21191728"}],"curies":[{"name":"wp","href":"https:\/\/api.w.org\/{rel}","templated":true}]}}